{"id":1684,"date":"2024-08-24T01:35:46","date_gmt":"2024-08-24T06:35:46","guid":{"rendered":"https:\/\/ifcreddolac.org\/?page_id=1684"},"modified":"2025-04-16T00:22:46","modified_gmt":"2025-04-16T05:22:46","slug":"inteligencia-artificial-para-la-investigacion-y-la-redaccion-cientifica","status":"publish","type":"page","link":"https:\/\/ifcreddolac.org\/?page_id=1684","title":{"rendered":"Inteligencia Artificial para la Investigaci\u00f3n y la Redacci\u00f3n Cient\u00edfica"},"content":{"rendered":"<div class=\"wp-block-image\">\n<figure class=\"aligncenter size-full is-resized\"><img fetchpriority=\"high\" decoding=\"async\" width=\"500\" height=\"500\" src=\"https:\/\/ifcreddolac.org\/wp-content\/uploads\/2019\/12\/Logo-final.png\" alt=\"\" class=\"wp-image-742\" style=\"width:229px;height:auto\" srcset=\"https:\/\/ifcreddolac.org\/wp-content\/uploads\/2019\/12\/Logo-final.png 500w, https:\/\/ifcreddolac.org\/wp-content\/uploads\/2019\/12\/Logo-final-300x300.png 300w, https:\/\/ifcreddolac.org\/wp-content\/uploads\/2019\/12\/Logo-final-150x150.png 150w\" sizes=\"(max-width: 500px) 100vw, 500px\" \/><\/figure><\/div>\n\n\n<h4 class=\"wp-block-heading has-text-align-center has-black-color has-white-background-color has-text-color has-background has-link-color grey-message wp-elements-2c9c2393aa6a5518c05cfd791c82eb97\"><a href=\"http:\/\/www.reddolac.org\">www.reddolac.org<\/a><\/h4>\n\n\n\n<p class=\"has-text-align-center has-white-color has-text-color has-background\" style=\"background:radial-gradient(rgb(2,3,129) 0%,rgb(40,116,252) 100%);font-size:25px\"><strong>Inicia: 27 de mayo del 2025<\/strong><\/p>\n\n\n\n<h4 class=\"wp-block-heading grey-message\"><strong>Presentaci\u00f3n:<\/strong><\/h4>\n\n\n\n<hr class=\"wp-block-separator has-alpha-channel-opacity\"\/>\n\n\n\n<p>El curso <em>\u00abInteligencia Artificial para la Investigaci\u00f3n y la Redacci\u00f3n Cient\u00edfica\u00bb<\/em> constituye una experiencia formativa intensiva de cinco semanas, orientada al desarrollo de competencias avanzadas para la incorporaci\u00f3n de tecnolog\u00edas de inteligencia artificial (IA) en los procesos de investigaci\u00f3n acad\u00e9mica. Esta propuesta est\u00e1 dise\u00f1ada para ofrecer una inmersi\u00f3n profunda, din\u00e1mica y altamente pr\u00e1ctica en un campo en constante transformaci\u00f3n.<\/p>\n\n\n\n<p>A lo largo del curso, los participantes no solo adquirir\u00e1n una s\u00f3lida comprensi\u00f3n te\u00f3rica sobre los fundamentos y el impacto disruptivo de la IA en la producci\u00f3n cient\u00edfica, sino que, fundamentalmente, desarrollar\u00e1n habilidades pr\u00e1cticas mediante el uso de herramientas tecnol\u00f3gicas de \u00faltima generaci\u00f3n. Se abordar\u00e1n metodolog\u00edas innovadoras que est\u00e1n redefiniendo las formas de b\u00fasqueda, an\u00e1lisis, sistematizaci\u00f3n y redacci\u00f3n de informaci\u00f3n acad\u00e9mica.<\/p>\n\n\n\n<p>El enfoque metodol\u00f3gico del curso privilegia el aprendizaje basado en la acci\u00f3n, promoviendo la experimentaci\u00f3n directa con motores de b\u00fasqueda acad\u00e9micos inteligentes, plataformas de gesti\u00f3n de referencias, asistentes de escritura automatizada, y otras aplicaciones basadas en IA que optimizan los procesos investigativos. Cada m\u00f3dulo integra actividades pr\u00e1cticas, estudios de caso y simulaciones orientadas a la aplicaci\u00f3n inmediata de los contenidos en contextos reales de investigaci\u00f3n.<\/p>\n\n\n\n<p>Adem\u00e1s de abordar las aplicaciones actuales de la IA, el curso fomenta una visi\u00f3n cr\u00edtica y prospectiva respecto a su evoluci\u00f3n, sus implicancias \u00e9ticas y sus posibles impactos en la producci\u00f3n del conocimiento cient\u00edfico. Los participantes ser\u00e1n guiados en reflexiones profundas sobre los retos y oportunidades que plantea el uso de estas tecnolog\u00edas en el \u00e1mbito acad\u00e9mico.<\/p>\n\n\n\n<p>Al culminar esta experiencia formativa, los participantes estar\u00e1n en capacidad de integrar de manera \u00e9tica, estrat\u00e9gica y eficaz las herramientas de inteligencia artificial en sus procesos investigativos, contribuyendo as\u00ed a elevar la calidad, eficiencia y pertinencia de sus producciones cient\u00edficas.<\/p>\n\n\n\n<hr class=\"wp-block-separator has-alpha-channel-opacity\"\/>\n\n\n\n<h4 class=\"wp-block-heading grey-message\"><strong>Informaci\u00f3n b\u00e1sica<\/strong><\/h4>\n\n\n\n<ul>\n<li>Modalidad: Virtual<\/li>\n\n\n\n<li>Duraci\u00f3n: 5 semanas continuas<\/li>\n\n\n\n<li>Certificaci\u00f3n por 60 horas acad\u00e9micas<\/li>\n\n\n\n<li>El curso es \u00edntegramente desarrollado en el <a href=\"https:\/\/campus.ifcreddolac.org\/\">Campus virtual de RedDOLAC<\/a><\/li>\n\n\n\n<li>Se desarrollan actividades s\u00edncronas (sala de videoconferencias) y sesiones s\u00edncronas (aula virtual)<\/li>\n\n\n\n<li>Se proponen actividades pr\u00e1cticas durante todo el desarrollo del curso.<\/li>\n<\/ul>\n\n\n\n<h4 class=\"wp-block-heading grey-message\"><strong>Requisitos<\/strong><\/h4>\n\n\n\n<ul>\n<li>Contar con buena conexi\u00f3n a Internet<\/li>\n\n\n\n<li>Conocimientos elementales en el uso de la Web<\/li>\n\n\n\n<li>Disponer de al menos 5 horas semanales para tomar y finalizar el curso con \u00e9xito<\/li>\n\n\n\n<li>Computadora o Laptop<\/li>\n<\/ul>\n\n\n\n<h4 class=\"wp-block-heading grey-message\"><strong>Tutor virtual<\/strong><\/h4>\n\n\n\n<figure class=\"wp-block-image size-full is-resized\"><img decoding=\"async\" width=\"259\" height=\"262\" src=\"https:\/\/ifcreddolac.org\/wp-content\/uploads\/2025\/01\/Tutor.jpg\" alt=\"\" class=\"wp-image-1822\" style=\"width:284px;height:auto\"\/><\/figure>\n\n\n\n<h4 class=\"wp-block-heading\"><strong>Dr. Henry Chero Valdivieso<\/strong><\/h4>\n\n\n\n<p>Profesor en Matem\u00e1ticas y Tecnolog\u00edas para Educaci\u00f3n. Maestro en Curr\u00edculo, Investigaci\u00f3n y Docencia Universitaria. Doctor en Educaci\u00f3n. Acreditado con suficiencia investigadora dentro del Doctorado de Innovaci\u00f3n Curricular de UNED de Espa\u00f1a. Tutor de nivelaci\u00f3n por la Universidad de la Rioja de Espa\u00f1a. Certificado como tutor virtual por UNAD de Colombia. Docente y consultor en Educaci\u00f3n Superior para diversas universidades latinoamericanas. Especialista en Docencia Universitaria y la integraci\u00f3n curricular de las tecnolog\u00edas de informaci\u00f3n y comunicaci\u00f3n para educaci\u00f3n.<\/p>\n\n\n\n<h4 class=\"wp-block-heading grey-message\"><strong>A qui\u00e9n va dirigido<\/strong><\/h4>\n\n\n\n<p>El curso de <strong>Inteligencia Artificial para la Investigaci\u00f3n y la Redacci\u00f3n Cient\u00edfica<\/strong> est\u00e1 dirigido a docentes universitarios, investigadores, estudiantes de posgrado y doctorado, as\u00ed como a profesionales y asesores del \u00e1mbito educativo y cient\u00edfico que buscan mejorar sus competencias en la integraci\u00f3n de herramientas de inteligencia artificial en sus procesos de investigaci\u00f3n y escritura acad\u00e9mica. Est\u00e1 dise\u00f1ado para quienes desean optimizar la calidad y eficiencia de sus trabajos cient\u00edficos, actualizarse en tendencias emergentes, y aplicar t\u00e9cnicas avanzadas para fortalecer sus proyectos de investigaci\u00f3n y publicaciones acad\u00e9micas.<\/p>\n\n\n\n<div style=\"height:30px\" aria-hidden=\"true\" class=\"wp-block-spacer\"><\/div>\n\n\n\n<h4 class=\"wp-block-heading grey-message\"><strong>Objetivo general:<\/strong><\/h4>\n\n\n\n<ul>\n<li>Desarrollar en los participantes competencias te\u00f3ricas y pr\u00e1cticas para la integraci\u00f3n \u00e9tica, estrat\u00e9gica y eficiente de herramientas de inteligencia artificial en los procesos de investigaci\u00f3n y redacci\u00f3n cient\u00edfica, a fin de optimizar la b\u00fasqueda, an\u00e1lisis, organizaci\u00f3n y producci\u00f3n de conocimientos acad\u00e9micos con altos est\u00e1ndares de calidad y rigor metodol\u00f3gico.<\/li>\n<\/ul>\n\n\n\n<h4 class=\"wp-block-heading grey-message\"><strong>Metodolog\u00eda y horario:<\/strong><\/h4>\n\n\n\n<p>Dado que el 100% de los participantes en nuestros cursos son docentes universitarios de diversos pa\u00edses, con horarios y responsabilidades laborales heterog\u00e9neos, hemos dise\u00f1ado el curso con una metodolog\u00eda que asegura la flexibilidad necesaria para equilibrar su formaci\u00f3n acad\u00e9mica con sus compromisos profesionales. El curso se implementa mediante una combinaci\u00f3n estrat\u00e9gica de actividades sincr\u00f3nicas, como sesiones de videoconferencia, y actividades asincr\u00f3nicas, gestionadas a trav\u00e9s de un campus virtual disponible las 24 horas del d\u00eda. Esta estructura permite a los participantes avanzar a su propio ritmo, mientras reciben un acompa\u00f1amiento continuo y personalizado de la docente tutora, lo que garantiza una experiencia formativa integral y de alta calidad.<\/p>\n\n\n\n<p>En caso de que alguno de los participantes no pueda asistir a una sesi\u00f3n en vivo debido a sus compromisos laborales, todas las videoconferencias ser\u00e1n grabadas y estar\u00e1n disponibles en el aula virtual, asegurando as\u00ed que nadie pierda contenidos clave. Es esencial mantener una comunicaci\u00f3n constante con la docente tutora para un adecuado seguimiento del progreso acad\u00e9mico. Para facilitar esta interacci\u00f3n, el curso ofrece tres canales de comunicaci\u00f3n: el aula virtual, las sesiones de videoconferencia y un grupo exclusivo de WhatsApp, promoviendo una conexi\u00f3n \u00e1gil y efectiva entre todos los participantes. Esta metodolog\u00eda busca no solo adaptar la formaci\u00f3n a las necesidades individuales, sino tambi\u00e9n crear un espacio colaborativo y motivador que impulse el aprendizaje y la mejora continua.<\/p>\n\n\n\n<div style=\"height:40px\" aria-hidden=\"true\" class=\"wp-block-spacer\"><\/div>\n\n\n\n<h4 class=\"wp-block-heading grey-message\"><strong>Contenido Program\u00e1tico:<\/strong><\/h4>\n\n\n\n<h1 class=\"wp-block-heading alignwide has-background blue-message\" style=\"background:radial-gradient(rgb(2,3,129) 0%,rgb(40,116,252) 100%)\"><em>Semana 1. Fundamentos y aplicaciones de la IA en la investigaci\u00f3n y redacci\u00f3n cient\u00edfica<\/em><\/h1>\n\n\n\n<ul>\n<li>Fundamentos de la Inteligencia Artificial y su Aplicaci\u00f3n en la Ciencia.<\/li>\n\n\n\n<li>Exploraci\u00f3n pr\u00e1ctica de ChatGPT y su Uso en la Redacci\u00f3n de Proyectos de investigaci\u00f3n.<\/li>\n\n\n\n<li>Uso de  ChatGPT, Claude, Gemini, Copilot, Deepseek y Grok en la Investigaci\u00f3n cient\u00edfica.<\/li>\n\n\n\n<li>Herramientas de IA y los prompts  para la Redacci\u00f3n Cient\u00edfica y la investigaci\u00f3n acad\u00e9mica.<\/li>\n\n\n\n<li>Impacto y Evoluci\u00f3n de la IA en la Investigaci\u00f3n y la Redacci\u00f3n Cient\u00edfica.<\/li>\n\n\n\n<li>Proyecto de investigaci\u00f3n con IA<\/li>\n\n\n\n<li><strong>Actividades pr\u00e1cticas 01<\/strong><\/li>\n<\/ul>\n\n\n\n<p class=\"has-background blue-message\" style=\"background:radial-gradient(rgb(2,3,129) 0%,rgb(40,116,252) 100%)\"><em><strong>Semana 2. IA en la b\u00fasqueda y an\u00e1lisis de literatura cient\u00edfica<\/strong><\/em><\/p>\n\n\n\n<ul>\n<li>Introducci\u00f3n a Herramientas de B\u00fasqueda de Literatura Cient\u00edfica Basadas en IA.<\/li>\n\n\n\n<li>Motores de b\u00fasqueda acad\u00e9mica basados en IA (Perplexity, Semantic Scholar, Consensus y otros).<\/li>\n\n\n\n<li>Herramientas para el an\u00e1lisis y visualizaci\u00f3n de literatura cient\u00edfica (Connected Papers, Litmaps, Scite.ai, y otros).<\/li>\n\n\n\n<li>Optimizaci\u00f3n de la Revisi\u00f3n de Literatura con IA: Buenas Pr\u00e1cticas y Estrategias.<\/li>\n\n\n\n<li><strong>Actividades pr\u00e1cticas 02<\/strong><\/li>\n<\/ul>\n\n\n\n<p class=\"has-background blue-message\" style=\"background:radial-gradient(rgb(2,3,129) 0%,rgb(40,116,252) 100%)\"><strong><em><strong>Semana 3. IA en la redacci\u00f3n cient\u00edfica: herramientas e integraci\u00f3n<\/strong><\/em><\/strong><\/p>\n\n\n\n<ul>\n<li>Herramientas de IA para la escritura y edici\u00f3n (TextCortex, QuillBot, Smodin y otros).<\/li>\n\n\n\n<li>Sistemas de resumen autom\u00e1tico y extracci\u00f3n de informaci\u00f3n (Resoomer, SciSummary, Scholarcy).<\/li>\n\n\n\n<li>Detecci\u00f3n de plagio y verificaci\u00f3n de originalidad con IA (Copyleaks y otros).<\/li>\n\n\n\n<li>Estrategias para integrar la IA en el proceso de redacci\u00f3n cient\u00edfica manteniendo la integridad acad\u00e9mica.<\/li>\n\n\n\n<li><strong>Actividades pr\u00e1cticas 03<\/strong><\/li>\n<\/ul>\n\n\n\n<p class=\"has-background blue-message\" style=\"background:radial-gradient(rgb(2,3,129) 0%,rgb(40,116,252) 100%)\"><em><strong>Semana 4. Asistentes y herramientas de IA para potenciar la investigaci\u00f3n acad\u00e9mica<\/strong><\/em><\/p>\n\n\n\n<ul>\n<li>Asistentes de investigaci\u00f3n impulsados por IA (Elicit, Phind, ResearchRabbit).<\/li>\n\n\n\n<li><strong>Uso pr\u00e1ctico de herramientas de IA: <\/strong>Smart paper AI, Open Alex, Humata, Dimensions, Chatdoc, Chatpdf, pdf.ai, scispace, aizzy, tome, conker, docus, genei, gitmind, scite y otros.<\/li>\n\n\n\n<li><strong>Actividades pr\u00e1cticas 04<\/strong><\/li>\n<\/ul>\n\n\n\n<p class=\"has-background blue-message\" style=\"background:radial-gradient(rgb(2,3,129) 0%,rgb(40,116,252) 100%)\"><em><strong>Semana 5. \u00c9tica y responsabilidad en el uso de la IA para la investigaci\u00f3n y redacci\u00f3n cient\u00edfica<\/strong><\/em><\/p>\n\n\n\n<ul>\n<li>Principios \u00e9ticos fundamentales en la investigaci\u00f3n asistida por IA<\/li>\n\n\n\n<li>Desaf\u00edos de integridad acad\u00e9mica en la era de la IA generativa<\/li>\n\n\n\n<li>Privacidad y protecci\u00f3n de datos en la investigaci\u00f3n basada en IA<\/li>\n\n\n\n<li>Sesgos y equidad en los sistemas de IA para la investigaci\u00f3n<\/li>\n\n\n\n<li><strong>Actividades pr\u00e1cticas 05<\/strong><\/li>\n<\/ul>\n\n\n\n<h4 class=\"wp-block-heading grey-message\"><strong>Proceso de inscripci\u00f3n<\/strong><\/h4>\n\n\n\n<h4 class=\"wp-block-heading\"><strong><strong>Costo del curso: $ 75&nbsp; D\u00f3lares americanos<\/strong>&nbsp;\/ S\/. 300 soles<\/strong><\/h4>\n\n\n\n<p><strong>Realice el pago del curso&nbsp;eligiendo una de las siguientes opciones:<\/strong><\/p>\n\n\n\n<figure class=\"wp-block-image size-full is-resized\"><img decoding=\"async\" width=\"951\" height=\"93\" src=\"https:\/\/ifcreddolac.org\/wp-content\/uploads\/2024\/01\/Barra.png\" alt=\"\" class=\"wp-image-1588\" style=\"width:418px;height:auto\" srcset=\"https:\/\/ifcreddolac.org\/wp-content\/uploads\/2024\/01\/Barra.png 951w, https:\/\/ifcreddolac.org\/wp-content\/uploads\/2024\/01\/Barra-300x29.png 300w, https:\/\/ifcreddolac.org\/wp-content\/uploads\/2024\/01\/Barra-768x75.png 768w\" sizes=\"(max-width: 951px) 100vw, 951px\" \/><\/figure>\n\n\n\n<p><strong>1\u00b0 Opci\u00f3n:&nbsp;<\/strong>Por Paypal al correo&nbsp;<a href=\"mailto:reddolac@gmail.com\" target=\"_blank\" rel=\"noreferrer noopener\">reddolac@gmail.com<\/a>&nbsp;o usando el v\u00ednculo:&nbsp;<a href=\"https:\/\/www.paypal.com\/paypalme\/reddolac\/75\">https:\/\/www.paypal.com\/paypalme\/reddolac\/75<\/a> <\/p>\n\n\n\n<p><strong>2\u00b0 Opci\u00f3n:<\/strong>&nbsp; &nbsp;Pago seguro con Tarjeta de Cr\u00e9dito&nbsp; &nbsp;<a href=\"https:\/\/pagolink.niubiz.com.pe\/pagoseguro\/REDDOLAC\/905743\" target=\"_blank\" rel=\"noreferrer noopener\">https:\/\/pagolink.niubiz.com.pe\/pagoseguro\/REDDOLAC\/905743<\/a><\/p>\n\n\n\n<p><strong>3\u00b0 Opci\u00f3n:<\/strong>&nbsp;(Solo para PER\u00da \u2013 Banco de Cr\u00e9dito del Per\u00fa) .&nbsp;&nbsp;<\/p>\n\n\n\n<ul>\n<li><strong>&nbsp;(Solo para Per\u00fa)<\/strong><\/li>\n\n\n\n<li><strong>YAPE:&nbsp;952 283 412<\/strong>&nbsp;<\/li>\n\n\n\n<li>Cuenta en soles: BCP \u2013 310-91934502-0-24&nbsp; &nbsp;\/&nbsp; &nbsp;&nbsp;CCI: 002-31019193450202412<\/li>\n\n\n\n<li>Cuenta en soles: BCP \u2013 310-02630806-0-72&nbsp; \/&nbsp; &nbsp;&nbsp;CCI: 00231010263080607216<\/li>\n\n\n\n<li>Cuenta en d\u00f3lares: BCP \u2013 310-90373308-1-61&nbsp; \/&nbsp; &nbsp;CCI: 00231019037330816110<\/li>\n\n\n\n<li>Cuenta en d\u00f3lares: BCP \u2013 310-24030984-1-13&nbsp; &nbsp;\/&nbsp;&nbsp;CCI: 00231012403098411319<br>&nbsp;Beneficiario: IFC- RedDOLAC<\/li>\n<\/ul>\n\n\n\n<div style=\"height:30px\" aria-hidden=\"true\" class=\"wp-block-spacer\"><\/div>\n\n\n\n<h4 class=\"wp-block-heading grey-message\"><strong>Registro de pago e inscripci\u00f3n<\/strong><\/h4>\n\n\n\n<p class=\"has-vivid-cyan-blue-color has-text-color\"><a href=\"https:\/\/bit.ly\/3YYZozY\" target=\"_blank\" rel=\"noreferrer noopener\"><strong>Registre su pago<\/strong><\/a><\/p>\n\n\n\n<p><strong>Luego de realizar el pago<\/strong>, ingrese a nuestro&nbsp;<a href=\"https:\/\/bit.ly\/3YYZozY\" data-type=\"URL\" target=\"_blank\" rel=\"noreferrer noopener\"><strong>&nbsp; formulario de registro en l\u00ednea<\/strong><\/a>&nbsp; &nbsp;y siga las instrucciones que all\u00ed se detallan. Este paso es obligatorio para formalizar la inscripci\u00f3n en cl curso.<\/p>\n\n\n\n<p class=\"has-black-color has-pale-cyan-blue-background-color has-text-color has-background has-medium-font-size\"><strong>Solicite mayor informaci\u00f3n<\/strong><\/p>\n\n\n<div class=\"wpforms-container wpforms-container-full wpforms-block wpforms-block-978e3853-dca0-40d6-a2f9-feb79f0f8735\" id=\"wpforms-665\"><form id=\"wpforms-form-665\" class=\"wpforms-validate wpforms-form\" data-formid=\"665\" method=\"post\" enctype=\"multipart\/form-data\" action=\"\/index.php?rest_route=%2Fwp%2Fv2%2Fpages%2F1684\" data-token=\"d4692e0ef6e61cf03b4fdc85fe8d55f0\"><noscript class=\"wpforms-error-noscript\">Please enable JavaScript in your browser to complete this form.<\/noscript><div class=\"wpforms-field-container\"><div id=\"wpforms-665-field_0-container\" class=\"wpforms-field wpforms-field-name\" data-field-id=\"0\"><label class=\"wpforms-field-label\" for=\"wpforms-665-field_0\">Nombre y apellido <span class=\"wpforms-required-label\">*<\/span><\/label><input type=\"text\" id=\"wpforms-665-field_0\" class=\"wpforms-field-medium wpforms-field-required\" name=\"wpforms[fields][0]\" required><\/div><div id=\"wpforms-665-field_1-container\" class=\"wpforms-field wpforms-field-email\" data-field-id=\"1\"><label class=\"wpforms-field-label\" for=\"wpforms-665-field_1\">Correo electr\u00f3nico <span class=\"wpforms-required-label\">*<\/span><\/label><input type=\"email\" id=\"wpforms-665-field_1\" class=\"wpforms-field-medium wpforms-field-required\" name=\"wpforms[fields][1]\" spellcheck=\"false\" required><\/div><div id=\"wpforms-665-field_2-container\" class=\"wpforms-field wpforms-field-textarea\" data-field-id=\"2\"><label class=\"wpforms-field-label\" for=\"wpforms-665-field_2\">Mensaje <span class=\"wpforms-required-label\">*<\/span><\/label><textarea id=\"wpforms-665-field_2\" class=\"wpforms-field-medium wpforms-field-required\" name=\"wpforms[fields][2]\" required><\/textarea><\/div><\/div><!-- .wpforms-field-container --><div class=\"wpforms-field wpforms-field-hp\"><label for=\"wpforms-665-field-hp\" class=\"wpforms-field-label\">Name<\/label><input type=\"text\" name=\"wpforms[hp]\" id=\"wpforms-665-field-hp\" class=\"wpforms-field-medium\"><\/div><div class=\"wpforms-submit-container\" ><input type=\"hidden\" name=\"wpforms[id]\" value=\"665\"><input type=\"hidden\" name=\"wpforms[author]\" value=\"3\"><button type=\"submit\" name=\"wpforms[submit]\" id=\"wpforms-submit-665\" class=\"wpforms-submit\" data-alt-text=\"Enviando...\" data-submit-text=\"Enviar solicitud\" aria-live=\"assertive\" value=\"wpforms-submit\">Enviar solicitud<\/button><\/div><\/form><\/div>  <!-- .wpforms-container -->\n\n\n<div style=\"height:100px\" aria-hidden=\"true\" class=\"wp-block-spacer\"><\/div>\n","protected":false},"excerpt":{"rendered":"<p>www.reddolac.org Inicia: 27 de mayo del 2025 Presentaci\u00f3n: El curso \u00abInteligencia Artificial para la Investigaci\u00f3n y la Redacci\u00f3n Cient\u00edfica\u00bb constituye una experiencia formativa intensiva de cinco semanas, orientada al desarrollo de competencias avanzadas para la incorporaci\u00f3n de tecnolog\u00edas de inteligencia artificial (IA) en los procesos de investigaci\u00f3n acad\u00e9mica. Esta propuesta est\u00e1 dise\u00f1ada para ofrecer una [&hellip;]<\/p>\n","protected":false},"author":3,"featured_media":1819,"parent":0,"menu_order":0,"comment_status":"closed","ping_status":"closed","template":"","meta":{"_eb_attr":"","_uag_custom_page_level_css":"","ub_ctt_via":"","advgb_blocks_editor_width":"","advgb_blocks_columns_visual_guide":"","_joinchat":[],"footnotes":""},"featured_image_src":"https:\/\/ifcreddolac.org\/wp-content\/uploads\/2025\/01\/IAPIYRC-10-600x400.png","featured_image_src_square":"https:\/\/ifcreddolac.org\/wp-content\/uploads\/2025\/01\/IAPIYRC-10-600x600.png","uagb_featured_image_src":{"full":["https:\/\/ifcreddolac.org\/wp-content\/uploads\/2025\/01\/IAPIYRC-10.png",920,611,false],"thumbnail":["https:\/\/ifcreddolac.org\/wp-content\/uploads\/2025\/01\/IAPIYRC-10-150x150.png",150,150,true],"medium":["https:\/\/ifcreddolac.org\/wp-content\/uploads\/2025\/01\/IAPIYRC-10-300x199.png",300,199,true],"medium_large":["https:\/\/ifcreddolac.org\/wp-content\/uploads\/2025\/01\/IAPIYRC-10-768x510.png",768,510,true],"large":["https:\/\/ifcreddolac.org\/wp-content\/uploads\/2025\/01\/IAPIYRC-10.png",812,539,false],"1536x1536":["https:\/\/ifcreddolac.org\/wp-content\/uploads\/2025\/01\/IAPIYRC-10.png",920,611,false],"2048x2048":["https:\/\/ifcreddolac.org\/wp-content\/uploads\/2025\/01\/IAPIYRC-10.png",920,611,false],"ab-block-post-grid-landscape":["https:\/\/ifcreddolac.org\/wp-content\/uploads\/2025\/01\/IAPIYRC-10-600x400.png",600,400,true],"ab-block-post-grid-square":["https:\/\/ifcreddolac.org\/wp-content\/uploads\/2025\/01\/IAPIYRC-10-600x600.png",600,600,true]},"uagb_author_info":{"display_name":"Henry Chero","author_link":"https:\/\/ifcreddolac.org\/?author=3"},"uagb_comment_info":0,"uagb_excerpt":"www.reddolac.org Inicia: 27 de mayo del 2025 Presentaci\u00f3n: El curso \u00abInteligencia Artificial para la Investigaci\u00f3n y la Redacci\u00f3n Cient\u00edfica\u00bb constituye una experiencia formativa intensiva de cinco semanas, orientada al desarrollo de competencias avanzadas para la incorporaci\u00f3n de tecnolog\u00edas de inteligencia artificial (IA) en los procesos de investigaci\u00f3n acad\u00e9mica. Esta propuesta est\u00e1 dise\u00f1ada para ofrecer una&hellip;","coauthors":[],"author_meta":{"author_link":"https:\/\/ifcreddolac.org\/?author=3","display_name":"Henry Chero"},"relative_dates":{"created":"Posted 2 a\u00f1os ago","modified":"Updated 1 a\u00f1o ago"},"absolute_dates":{"created":"Posted on 24\/08\/2024","modified":"Updated on 16\/04\/2025"},"absolute_dates_time":{"created":"Posted on 24\/08\/2024 1:35 AM","modified":"Updated on 16\/04\/2025 12:22 AM"},"featured_img_caption":"","featured_img":"https:\/\/ifcreddolac.org\/wp-content\/uploads\/2025\/01\/IAPIYRC-10.png","series_order":"","_links":{"self":[{"href":"https:\/\/ifcreddolac.org\/index.php?rest_route=\/wp\/v2\/pages\/1684"}],"collection":[{"href":"https:\/\/ifcreddolac.org\/index.php?rest_route=\/wp\/v2\/pages"}],"about":[{"href":"https:\/\/ifcreddolac.org\/index.php?rest_route=\/wp\/v2\/types\/page"}],"author":[{"embeddable":true,"href":"https:\/\/ifcreddolac.org\/index.php?rest_route=\/wp\/v2\/users\/3"}],"replies":[{"embeddable":true,"href":"https:\/\/ifcreddolac.org\/index.php?rest_route=%2Fwp%2Fv2%2Fcomments&post=1684"}],"version-history":[{"count":24,"href":"https:\/\/ifcreddolac.org\/index.php?rest_route=\/wp\/v2\/pages\/1684\/revisions"}],"predecessor-version":[{"id":1829,"href":"https:\/\/ifcreddolac.org\/index.php?rest_route=\/wp\/v2\/pages\/1684\/revisions\/1829"}],"wp:featuredmedia":[{"embeddable":true,"href":"https:\/\/ifcreddolac.org\/index.php?rest_route=\/wp\/v2\/media\/1819"}],"wp:attachment":[{"href":"https:\/\/ifcreddolac.org\/index.php?rest_route=%2Fwp%2Fv2%2Fmedia&parent=1684"}],"curies":[{"name":"wp","href":"https:\/\/api.w.org\/{rel}","templated":true}]}}